{"id":12506,"date":"2022-06-24T23:36:56","date_gmt":"2022-06-24T23:36:56","guid":{"rendered":"https:\/\/cipu.org.uy\/web\/?page_id=12506"},"modified":"2026-04-24T13:58:26","modified_gmt":"2026-04-24T13:58:26","slug":"instituto","status":"publish","type":"page","link":"https:\/\/cipu.org.uy\/web\/instituto\/","title":{"rendered":"ITP"},"content":{"rendered":"<section class=\"wpb-content-wrapper\"><p>[vc_row full_width=\u00bbstretch_row_content\u00bb mobile_bg_img_hidden=\u00bbno\u00bb tablet_bg_img_hidden=\u00bbno\u00bb woodmart_parallax=\u00bb0&#8243; woodmart_gradient_switch=\u00bbno\u00bb row_reverse_mobile=\u00bb0&#8243; row_reverse_tablet=\u00bb0&#8243; woodmart_disable_overflow=\u00bb0&#8243;][vc_column][vc_single_image image=\u00bb15450&#8243; img_size=\u00bbfull\u00bb alignment=\u00bbcenter\u00bb onclick=\u00bbcustom_link\u00bb woodmart_inline=\u00bbno\u00bb parallax_scroll=\u00bbno\u00bb link=\u00bbhttps:\/\/www.inefop.uy\/capacitacion-estandar\u00bb][\/vc_column][\/vc_row][vc_row css=\u00bb.vc_custom_1656276333317{padding-top: 30px !important;}\u00bb mobile_bg_img_hidden=\u00bbno\u00bb tablet_bg_img_hidden=\u00bbno\u00bb woodmart_parallax=\u00bb0&#8243; woodmart_gradient_switch=\u00bbno\u00bb row_reverse_mobile=\u00bb0&#8243; row_reverse_tablet=\u00bb0&#8243; woodmart_disable_overflow=\u00bb0&#8243;][vc_column width=\u00bb1\/2&#8243;][vc_btn title=\u00bbREALICE SU CONSULTA\u00bb style=\u00bb3d\u00bb color=\u00bbprimary\u00bb align=\u00bbcenter\u00bb link=\u00bburl:https%3A%2F%2Fshare.hsforms.com%2F1-gekVpGTToeMkfkHJKad7g56pm0&#8243;][vc_empty_space woodmart_hide_large=\u00bb0&#8243; woodmart_hide_medium=\u00bb0&#8243; woodmart_hide_small=\u00bb0&#8243; woodmart_hide_extra_small=\u00bb0&#8243;][\/vc_column][vc_column width=\u00bb1\/2&#8243;][vc_btn title=\u00bbCONSULT\u00c1 V\u00cdA WHATSAPP\u00bb style=\u00bb3d\u00bb color=\u00bbgreen\u00bb align=\u00bbcenter\u00bb link=\u00bburl:http%3A%2F%2Fwa.link%2Fs6357b\u00bb][vc_empty_space woodmart_hide_large=\u00bb0&#8243; woodmart_hide_medium=\u00bb0&#8243; woodmart_hide_small=\u00bb0&#8243; woodmart_hide_extra_small=\u00bb0&#8243;][\/vc_column][\/vc_row][vc_row][vc_column][vc_separator][\/vc_column][\/vc_row][vc_row full_width=\u00bbstretch_row\u00bb content_placement=\u00bbtop\u00bb columns_type=\u00bbnone\u00bb height=\u00bbauto\u00bb width=\u00bbfull\u00bb boxed_columns=\u00bbyes\u00bb mobile_bg_img_hidden=\u00bbno\u00bb tablet_bg_img_hidden=\u00bbno\u00bb woodmart_parallax=\u00bb0&#8243; woodmart_gradient_switch=\u00bbno\u00bb row_reverse_mobile=\u00bb0&#8243; row_reverse_tablet=\u00bb0&#8243; woodmart_disable_overflow=\u00bb0&#8243; css=\u00bb.vc_custom_1656276343516{padding-bottom: 30px !important;}\u00bb][vc_column width=\u00bb1\/2&#8243; text_color=\u00bb#ffffff\u00bb animate=\u00bbafc\u00bb animate_delay=\u00bb\u00bb css=\u00bb.vc_custom_1477324531614{background-color: #395381 !important;}\u00bb][vc_column_text woodmart_inline=\u00bbno\u00bb text_larger=\u00bbno\u00bb]<\/p>\n<h1><span style=\"color: #ffffff;\">Cursos de Panader\u00eda<\/span><\/h1>\n<p><span style=\"color: #ffffff;\"><em>Inspirado en la b\u00fasqueda de la perfecci\u00f3n y el dominio de la t\u00e9cnica, el Diploma de Maestro Panadero del CIPU, combina los t\u00edpicos productos de la panader\u00eda m\u00e1s tradicional de Uruguay con los cl\u00e1sicos internacionales y las nuevas tendencias. El estudiante obtendr\u00e1 un certificado por cada uno de los niveles alcanzados, y el Diploma de Maestro Panadero al completar los tres certificados. Nuestros estudiantes cuentan con la posibilidad de matricularse en el Diploma de Maestro Panadero y realizar de forma consecutiva los tres certificados o matricularse en los diferentes m\u00f3dulos en forma individual y cursarlos de acuerdo a su conveniencia, siempre respetando las previaturas. Si cuentas con&nbsp; experiencia demostrable en el sector, tienes la opci\u00f3n de realizar nuestra prueba t\u00e9cnica de nivel, y comenzar la formaci\u00f3n en los m\u00f3dulos m\u00e1s avanzados.&nbsp;<\/em><\/span>[\/vc_column_text][vc_empty_space height=\u00bb35px\u00bb woodmart_hide_large=\u00bb0&#8243; woodmart_hide_medium=\u00bb0&#8243; woodmart_hide_small=\u00bb0&#8243; woodmart_hide_extra_small=\u00bb0&#8243;][vc_row_inner css=\u00bb.vc_custom_1656113917481{padding-right: 5% !important;padding-left: 5% !important;}\u00bb row_reverse_mobile=\u00bb0&#8243; row_reverse_tablet=\u00bb0&#8243;][vc_column_inner][vc_single_image image=\u00bb17756&#8243; img_size=\u00bbmedium\u00bb alignment=\u00bbcenter\u00bb style=\u00bbvc_box_rounded\u00bb woodmart_inline=\u00bbno\u00bb parallax_scroll=\u00bbno\u00bb][vc_btn title=\u00bbInformaci\u00f3n Curso Introducci\u00f3n a la Panader\u00eda ABRIL\u00bb style=\u00bbcustom\u00bb custom_background=\u00bb#ef7d3b\u00bb custom_text=\u00bb#ffffff\u00bb align=\u00bbcenter\u00bb link=\u00bburl:https%3A%2F%2Fcipu.org.uy%2Fweb%2Fwp-content%2Fuploads%2F2026%2F03%2FPDF-Introduccion-a-la-Panaderia-abril-2026.pdf\u00bb][vc_btn title=\u00bbCOMPRAR CURSO\u00bb style=\u00bbcustom\u00bb custom_background=\u00bb#ef7d3b\u00bb custom_text=\u00bb#ffffff\u00bb align=\u00bbcenter\u00bb link=\u00bburl:https%3A%2F%2Fcursos.cipu.org.uy%2Fcursos%2F\u00bb][vc_separator][\/vc_column_inner][\/vc_row_inner][vc_empty_space height=\u00bb40px\u00bb woodmart_hide_large=\u00bb0&#8243; woodmart_hide_medium=\u00bb0&#8243; woodmart_hide_small=\u00bb0&#8243; woodmart_hide_extra_small=\u00bb0&#8243;][vc_row_inner css=\u00bb.vc_custom_1656113917481{padding-right: 5% !important;padding-left: 5% !important;}\u00bb row_reverse_mobile=\u00bb0&#8243; row_reverse_tablet=\u00bb0&#8243;][vc_column_inner][vc_single_image image=\u00bb17329&#8243; img_size=\u00bbmedium\u00bb alignment=\u00bbcenter\u00bb style=\u00bbvc_box_rounded\u00bb woodmart_inline=\u00bbno\u00bb parallax_scroll=\u00bbno\u00bb][vc_btn title=\u00bbInformaci\u00f3n Curso Panader\u00eda Avanzada\u00bb style=\u00bbcustom\u00bb custom_background=\u00bb#ef7d3b\u00bb custom_text=\u00bb#ffffff\u00bb align=\u00bbcenter\u00bb link=\u00bburl:https%3A%2F%2Fcipu.org.uy%2Fweb%2Fwp-content%2Fuploads%2F2026%2F04%2FPanaderia-Avanzada-PROXIMAMENTE.pdf\u00bb][vc_separator][\/vc_column_inner][vc_column_inner][\/vc_column_inner][\/vc_row_inner][vc_empty_space height=\u00bb40px\u00bb woodmart_hide_large=\u00bb0&#8243; woodmart_hide_medium=\u00bb0&#8243; woodmart_hide_small=\u00bb0&#8243; woodmart_hide_extra_small=\u00bb0&#8243;][vc_row_inner css=\u00bb.vc_custom_1656113917481{padding-right: 5% !important;padding-left: 5% !important;}\u00bb row_reverse_mobile=\u00bb0&#8243; row_reverse_tablet=\u00bb0&#8243;][vc_column_inner][vc_single_image image=\u00bb18624&#8243; img_size=\u00bbmedium\u00bb alignment=\u00bbcenter\u00bb style=\u00bbvc_box_rounded\u00bb woodmart_inline=\u00bbno\u00bb parallax_scroll=\u00bbno\u00bb][vc_btn title=\u00bbInformaci\u00f3n Tecnolog\u00eda de la Panificaci\u00f3n\u00bb style=\u00bbcustom\u00bb custom_background=\u00bb#ef7d3b\u00bb custom_text=\u00bb#ffffff\u00bb align=\u00bbcenter\u00bb link=\u00bburl:https%3A%2F%2Fcipu.org.uy%2Fweb%2Fwp-content%2Fuploads%2F2026%2F03%2FTecnologia-de-la-Panificacion-1.pdf\u00bb][vc_btn title=\u00bbCOMPRAR CURSO\u00bb style=\u00bbcustom\u00bb custom_background=\u00bb#ef7d3b\u00bb custom_text=\u00bb#ffffff\u00bb align=\u00bbcenter\u00bb link=\u00bburl:https%3A%2F%2Fcursos.cipu.org.uy%2Fcursos%2F\u00bb][\/vc_column_inner][\/vc_row_inner][\/vc_column][vc_column width=\u00bb1\/2&#8243;][vc_row_inner css=\u00bb.vc_custom_1656113917481{padding-right: 5% !important;padding-left: 5% !important;}\u00bb row_reverse_mobile=\u00bb0&#8243; row_reverse_tablet=\u00bb0&#8243;][vc_column_inner][vc_column_text woodmart_inline=\u00bbno\u00bb text_larger=\u00bbno\u00bb]<\/p>\n<h1>Cursos Confiter\u00eda<\/h1>\n<p style=\"text-align: justify;\"><em>Inspirado en la b\u00fasqueda de la perfecci\u00f3n y el dominio de la t\u00e9cnica, el Diploma de Confitero Profesional del CIPU, combina los t\u00edpicos productos de la confiter\u00eda m\u00e1s tradicional de Uruguay con los cl\u00e1sicos internacionales y las nuevas tendencias. El estudiante obtendr\u00e1 un certificado por cada uno de los niveles alcanzados, y el Diploma de Confitero Profesional al completar los tres certificados. Nuestros estudiantes cuentan con la posibilidad de matricularse en el Diploma de Confitero Profesional y realizar de forma consecutiva los tres certificados o matricularse en los diferentes m\u00f3dulos en forma individual y cursarlos de acuerdo a su conveniencia, siempre respetando las previaturas. Si cuentas con&nbsp; experiencia demostrable en el sector, tienes la opci\u00f3n de realizar nuestra prueba t\u00e9cnica de nivel, y comenzar la formaci\u00f3n en los m\u00f3dulos m\u00e1s avanzados.&nbsp;<\/em><\/p>\n<p>&nbsp;<\/p>\n<p>&nbsp;[\/vc_column_text][\/vc_column_inner][\/vc_row_inner][vc_row_inner css=\u00bb.vc_custom_1656113917481{padding-right: 5% !important;padding-left: 5% !important;}\u00bb row_reverse_mobile=\u00bb0&#8243; row_reverse_tablet=\u00bb0&#8243;][vc_column_inner][vc_single_image image=\u00bb17760&#8243; img_size=\u00bbmedium\u00bb alignment=\u00bbcenter\u00bb style=\u00bbvc_box_rounded\u00bb woodmart_inline=\u00bbno\u00bb parallax_scroll=\u00bbno\u00bb][vc_btn title=\u00bbInformaci\u00f3n Fundamentos Confiter\u00eda\u00bb style=\u00bbcustom\u00bb custom_background=\u00bb#ef7d3b\u00bb custom_text=\u00bb#ffffff\u00bb align=\u00bbcenter\u00bb link=\u00bburl:https%3A%2F%2Fcipu.org.uy%2Fweb%2Fwp-content%2Fuploads%2F2026%2F03%2FFundamentos-de-Confiteria-marzo-2026.png\u00bb][vc_btn title=\u00bbCOMPRAR CURSO\u00bb style=\u00bbcustom\u00bb custom_background=\u00bb#ef7d3b\u00bb custom_text=\u00bb#ffffff\u00bb align=\u00bbcenter\u00bb link=\u00bburl:https%3A%2F%2Fcursos.cipu.org.uy%2Fcursos%2F\u00bb][vc_separator color=\u00bbblue\u00bb][vc_single_image image=\u00bb18628&#8243; img_size=\u00bbmedium\u00bb alignment=\u00bbcenter\u00bb style=\u00bbvc_box_rounded\u00bb woodmart_inline=\u00bbno\u00bb parallax_scroll=\u00bbno\u00bb][vc_btn title=\u00bbInformaci\u00f3n Curso Confiter\u00eda Avanzada\u00bb style=\u00bbcustom\u00bb custom_background=\u00bb#ef7d3b\u00bb custom_text=\u00bb#ffffff\u00bb align=\u00bbcenter\u00bb link=\u00bburl:https%3A%2F%2Fcipu.org.uy%2Fweb%2Fwp-content%2Fuploads%2F2025%2F07%2FConfiteria-Avanzada-sin-fecha.pdf\u00bb][\/vc_column_inner][\/vc_row_inner][vc_empty_space height=\u00bb45px\u00bb woodmart_hide_large=\u00bb0&#8243; woodmart_hide_medium=\u00bb0&#8243; woodmart_hide_small=\u00bb0&#8243; woodmart_hide_extra_small=\u00bb0&#8243;][\/vc_column][\/vc_row][vc_row full_width=\u00bbstretch_row_content\u00bb mobile_bg_img_hidden=\u00bbno\u00bb tablet_bg_img_hidden=\u00bbno\u00bb woodmart_parallax=\u00bb0&#8243; woodmart_gradient_switch=\u00bbno\u00bb row_reverse_mobile=\u00bb0&#8243; row_reverse_tablet=\u00bb0&#8243; woodmart_disable_overflow=\u00bb0&#8243;][vc_column][vc_separator][vc_row_inner css=\u00bb.vc_custom_1656113917481{padding-right: 5% !important;padding-left: 5% !important;}\u00bb row_reverse_mobile=\u00bb0&#8243; row_reverse_tablet=\u00bb0&#8243;][vc_column_inner css=\u00bb.vc_custom_1762809717783{background-color: #ffffff !important;}\u00bb][vc_column_text woodmart_inline=\u00bbno\u00bb text_larger=\u00bbno\u00bb]<\/p>\n<h1 style=\"text-align: center;\"><span style=\"color: #000080;\">Talleres<\/span><\/h1>\n<p>[\/vc_column_text][\/vc_column_inner][\/vc_row_inner][vc_row_inner css=\u00bb.vc_custom_1755886869309{padding-right: 5% !important;padding-left: 5% !important;background-color: #ffffff !important;}\u00bb row_reverse_mobile=\u00bb0&#8243; row_reverse_tablet=\u00bb0&#8243;][vc_column_inner width=\u00bb1\/5&#8243; css=\u00bb.vc_custom_1776287314064{background-color: #ffffff !important;}\u00bb][vc_single_image image=\u00bb18752&#8243; img_size=\u00bbfull\u00bb onclick=\u00bbcustom_link\u00bb link=\u00bbhttps:\/\/cursos.cipu.org.uy\/cursos\/\u00bb woodmart_inline=\u00bbno\u00bb parallax_scroll=\u00bbno\u00bb][\/vc_column_inner][vc_column_inner width=\u00bb1\/5&#8243; css=\u00bb.vc_custom_1755886841857{background-color: #ffffff !important;}\u00bb][vc_single_image image=\u00bb18754&#8243; img_size=\u00bbfull\u00bb onclick=\u00bbcustom_link\u00bb link=\u00bbhttps:\/\/cursos.cipu.org.uy\/cursos\/\u00bb woodmart_inline=\u00bbno\u00bb parallax_scroll=\u00bbno\u00bb][\/vc_column_inner][vc_column_inner width=\u00bb1\/5&#8243; css=\u00bb.vc_custom_1755886852538{background-color: #ffffff !important;}\u00bb][vc_single_image image=\u00bb18756&#8243; img_size=\u00bbfull\u00bb onclick=\u00bbcustom_link\u00bb link=\u00bbhttps:\/\/cursos.cipu.org.uy\/cursos\/\u00bb woodmart_inline=\u00bbno\u00bb parallax_scroll=\u00bbno\u00bb][\/vc_column_inner][vc_column_inner width=\u00bb1\/5&#8243;][\/vc_column_inner][vc_column_inner width=\u00bb1\/5&#8243;][\/vc_column_inner][\/vc_row_inner][\/vc_column][\/vc_row][vc_row full_width=\u00bbstretch_row_content\u00bb mobile_bg_img_hidden=\u00bbno\u00bb tablet_bg_img_hidden=\u00bbno\u00bb woodmart_parallax=\u00bb0&#8243; woodmart_gradient_switch=\u00bbno\u00bb row_reverse_mobile=\u00bb0&#8243; row_reverse_tablet=\u00bb0&#8243; woodmart_disable_overflow=\u00bb0&#8243;][vc_column][vc_separator][\/vc_column][\/vc_row][vc_row][vc_column][\/vc_column][\/vc_row][vc_row el_id=\u00bbITP\u00bb][vc_column width=\u00bb1\/2&#8243; animate=\u00bbafl\u00bb animate_delay=\u00bb\u00bb css=\u00bb.vc_custom_1477510838232{padding-right: 4% !important;}\u00bb][vc_column_text woodmart_inline=\u00bbno\u00bb text_larger=\u00bbno\u00bb]<\/p>\n<h3>Instituto Tecnol\u00f3gico del Pan<\/h3>\n<p style=\"text-align: justify;\">Es el centro de formaci\u00f3n y capacitaci\u00f3n del Centro de Industriales de Panaderos del Uruguay, sus cursos est\u00e1n desarrollados para poder atender los requerimientos de mano de obra de las panader\u00edas de nuestro pa\u00eds. Para ello, cuenta con uno de los mejores equipamientos para institutos de esta naturaleza a nivel mundial y sus docentes conforman un equipo t\u00e9cnico de primer\u00edsimo nivel en cada una de las \u00e1reas en que se desempe\u00f1an.<\/p>\n<p style=\"text-align: justify;\">De esta manera, el ITP es una de las fuentes principales donde acuden los empresarios gastron\u00f3micos del \u00e1rea de productos panificados para cubrir sus necesidades de personal calificado, pues conocen el alcance de la ense\u00f1anza que se imparte, lo que nos convierte en el \u00fanico Instituto de Ense\u00f1anza Profesional que asegura una r\u00e1pida INSERCI\u00d3N LABORAL.<\/p>\n<p>[\/vc_column_text][vc_tta_accordion][vc_tta_section icon=\u00bbstar\u00bb active=\u00bb1&#8243; title=\u00bbCOMISI\u00d3N ITP\u00bb][vc_column_text woodmart_inline=\u00bbno\u00bb text_larger=\u00bbno\u00bb]Victoria Facal<\/p>\n<p>Alejo Acu\u00f1a<\/p>\n<p>Edinson Varela<\/p>\n<p>Jes\u00fas Jaime<\/p>\n<p>Rodrigo L\u00f3pez[\/vc_column_text][\/vc_tta_section][vc_tta_section icon=\u00bbstar\u00bb title=\u00bbEQUIPO DE TRABAJO\u00bb][vc_column_text woodmart_inline=\u00bbno\u00bb text_larger=\u00bbno\u00bb]<strong>Funcionarios:<\/strong> Norma Acevedo, Mar\u00eda Elena Cruz.[\/vc_column_text][\/vc_tta_section][\/vc_tta_accordion][\/vc_column][vc_column width=\u00bb1\/2&#8243; animate=\u00bbafr\u00bb][vc_gallery interval=\u00bb3&#8243; images=\u00bb16209,16210,16211&#8243; img_size=\u00bbfull\u00bb onclick=\u00bb\u00bb][\/vc_column][\/vc_row][vc_row el_id=\u00bbdocentes\u00bb][vc_column][vc_empty_space height=\u00bb60px\u00bb][\/vc_column][vc_column][vc_column_text woodmart_inline=\u00bbno\u00bb text_larger=\u00bbno\u00bb]<\/p>\n<h3 style=\"text-align: center;\">Docentes<\/h3>\n<p>[\/vc_column_text][vc_row_inner][vc_column_inner width=\u00bb1\/3&#8243;][vc_single_image image=\u00bb16188&#8243; img_size=\u00bbfull\u00bb alignment=\u00bbcenter\u00bb woodmart_inline=\u00bbno\u00bb parallax_scroll=\u00bbno\u00bb][vc_column_text woodmart_inline=\u00bbno\u00bb text_larger=\u00bbno\u00bb]<\/p>\n<p style=\"text-align: center;\">Hugo Tihista (Consultor)<\/p>\n<p>[\/vc_column_text][\/vc_column_inner][vc_column_inner width=\u00bb1\/3&#8243;][vc_single_image image=\u00bb16195&#8243; img_size=\u00bbfull\u00bb alignment=\u00bbcenter\u00bb woodmart_inline=\u00bbno\u00bb parallax_scroll=\u00bbno\u00bb][vc_column_text woodmart_inline=\u00bbno\u00bb text_larger=\u00bbno\u00bb]<\/p>\n<p style=\"text-align: center;\">Pedro Kapacevich<\/p>\n<p>[\/vc_column_text][\/vc_column_inner][vc_column_inner width=\u00bb1\/3&#8243;][vc_single_image image=\u00bb16189&#8243; img_size=\u00bbfull\u00bb alignment=\u00bbcenter\u00bb woodmart_inline=\u00bbno\u00bb parallax_scroll=\u00bbno\u00bb][vc_column_text woodmart_inline=\u00bbno\u00bb text_larger=\u00bbno\u00bb]<\/p>\n<p style=\"text-align: center;\">Ver\u00f3nica Galarraga<\/p>\n<p>[\/vc_column_text][\/vc_column_inner][\/vc_row_inner][vc_row_inner][vc_column_inner width=\u00bb1\/3&#8243;][vc_single_image image=\u00bb16193&#8243; img_size=\u00bbfull\u00bb alignment=\u00bbcenter\u00bb woodmart_inline=\u00bbno\u00bb parallax_scroll=\u00bbno\u00bb][vc_column_text woodmart_inline=\u00bbno\u00bb text_larger=\u00bbno\u00bb]<\/p>\n<p style=\"text-align: center;\">Jorge Sapelli<\/p>\n<p>[\/vc_column_text][\/vc_column_inner][vc_column_inner width=\u00bb1\/3&#8243;][vc_single_image image=\u00bb12533&#8243; img_size=\u00bbfull\u00bb alignment=\u00bbcenter\u00bb woodmart_inline=\u00bbno\u00bb parallax_scroll=\u00bbno\u00bb][vc_column_text woodmart_inline=\u00bbno\u00bb text_larger=\u00bbno\u00bb]<\/p>\n<p style=\"text-align: center;\">Anibal Correa<\/p>\n<p>[\/vc_column_text][\/vc_column_inner][vc_column_inner width=\u00bb1\/3&#8243;][vc_single_image image=\u00bb16190&#8243; img_size=\u00bbfull\u00bb alignment=\u00bbcenter\u00bb woodmart_inline=\u00bbno\u00bb parallax_scroll=\u00bbno\u00bb][vc_column_text woodmart_inline=\u00bbno\u00bb text_larger=\u00bbno\u00bb]<\/p>\n<p style=\"text-align: center;\">Roberto Nu\u00f1ez<\/p>\n<p>&nbsp;[\/vc_column_text][\/vc_column_inner][\/vc_row_inner][\/vc_column][\/vc_row][vc_row][vc_column][vc_empty_space height=\u00bb60px\u00bb][\/vc_column][\/vc_row][vc_row][vc_column css=\u00bb.vc_custom_1477673996314{padding-right: 5% !important;}\u00bb][vc_row_inner disable_element=\u00bbyes\u00bb css=\u00bb.vc_custom_1538757445418{padding-right: 6% !important;padding-left: 6% !important;}\u00bb el_id=\u00bbcronograma\u00bb][vc_column_inner css=\u00bb.vc_custom_1477340465175{margin-left: 60px !important;}\u00bb][vc_column_text]<\/p>\n<h4 style=\"font-size: 30px; color: #444; font-weight: 600; text-align: center;\">Cronograma Anual<\/h4>\n<hr style=\"background-color: #395381; height: 2px; width: 47px;\">\n<p>[\/vc_column_text][vc_empty_space height=\u00bb60px\u00bb][vc_column_text]<\/p>\n<p style=\"text-align: center;\">Disponible pr\u00f3ximamente<\/p>\n<p>[\/vc_column_text][\/vc_column_inner][\/vc_row_inner][\/vc_column][\/vc_row][vc_row el_id=\u00bbLaboratorio\u00bb][vc_column css=\u00bb.vc_custom_1477673996314{padding-right: 5% !important;}\u00bb][vc_empty_space height=\u00bb90px\u00bb][vc_column_text woodmart_inline=\u00bbno\u00bb text_larger=\u00bbno\u00bb]<\/p>\n<h3 style=\"text-align: center;\">Laboratorio de an\u00e1lisis y ensayos de harina<\/h3>\n<p>[\/vc_column_text][vc_row_inner][vc_column_inner width=\u00bb1\/2&#8243; css=\u00bb.vc_custom_1478013438122{padding-right: 3% !important;}\u00bb][vc_gallery type=\u00bbflexslider_slide\u00bb interval=\u00bb3&#8243; images=\u00bb12525,12526&#8243; img_size=\u00bbfull\u00bb onclick=\u00bb\u00bb][\/vc_column_inner][vc_column_inner width=\u00bb1\/2&#8243;][vc_column_text]<\/p>\n<p style=\"text-align: justify;\">Los tiempos que corren son cada vez m\u00e1s exigentes. Es necesario tener la informaci\u00f3n exacta de la principal materia prima con la cual elaboramos. Un laboratorio de primer nivel se encuentra a su disposici\u00f3n, utilice sus servicios. Tambi\u00e9n realizamos controles de contenido de sal en los productos panificados.<\/p>\n<p>[\/vc_column_text][\/vc_column_inner][\/vc_row_inner][vc_empty_space height=\u00bb60px\u00bb][\/vc_column][\/vc_row][vc_row][vc_column][\/vc_column][\/vc_row][vc_row][vc_column][vc_separator][\/vc_column][\/vc_row]<\/p>\n<\/section>","protected":false},"excerpt":{"rendered":"<p>[vc_row full_width=\u00bbstretch_row_content\u00bb mobile_bg_img_hidden=\u00bbno\u00bb tablet_bg_img_hidden=\u00bbno\u00bb woodmart_parallax=\u00bb0&#8243; woodmart_gradient_switch=\u00bbno\u00bb row_reverse_mobile=\u00bb0&#8243; row_reverse_tablet=\u00bb0&#8243; woodmart_disable_overflow=\u00bb0&#8243;][vc_column][vc_single_image image=\u00bb15450&#8243; img_size=\u00bbfull\u00bb alignment=\u00bbcenter\u00bb onclick=\u00bbcustom_link\u00bb woodmart_inline=\u00bbno\u00bb parallax_scroll=\u00bbno\u00bb link=\u00bbhttps:\/\/www.inefop.uy\/capacitacion-estandar\u00bb][\/vc_column][\/vc_row][vc_row css=\u00bb.vc_custom_1656276333317{padding-top: 30px !important;}\u00bb mobile_bg_img_hidden=\u00bbno\u00bb<\/p>\n","protected":false},"author":1,"featured_media":0,"parent":0,"menu_order":0,"comment_status":"closed","ping_status":"closed","template":"","meta":{"ngg_post_thumbnail":0,"footnotes":""},"class_list":["post-12506","page","type-page","status-publish","hentry"],"_links":{"self":[{"href":"https:\/\/cipu.org.uy\/web\/wp-json\/wp\/v2\/pages\/12506","targetHints":{"allow":["GET"]}}],"collection":[{"href":"https:\/\/cipu.org.uy\/web\/wp-json\/wp\/v2\/pages"}],"about":[{"href":"https:\/\/cipu.org.uy\/web\/wp-json\/wp\/v2\/types\/page"}],"author":[{"embeddable":true,"href":"https:\/\/cipu.org.uy\/web\/wp-json\/wp\/v2\/users\/1"}],"replies":[{"embeddable":true,"href":"https:\/\/cipu.org.uy\/web\/wp-json\/wp\/v2\/comments?post=12506"}],"version-history":[{"count":422,"href":"https:\/\/cipu.org.uy\/web\/wp-json\/wp\/v2\/pages\/12506\/revisions"}],"predecessor-version":[{"id":18759,"href":"https:\/\/cipu.org.uy\/web\/wp-json\/wp\/v2\/pages\/12506\/revisions\/18759"}],"wp:attachment":[{"href":"https:\/\/cipu.org.uy\/web\/wp-json\/wp\/v2\/media?parent=12506"}],"curies":[{"name":"wp","href":"https:\/\/api.w.org\/{rel}","templated":true}]}}